{"id":5933,"date":"2020-05-14T13:04:02","date_gmt":"2020-05-14T17:04:02","guid":{"rendered":"https:\/\/cansupport.ca\/cancer-and-covid-19-novel-coronavirus\/"},"modified":"2022-02-21T10:05:48","modified_gmt":"2022-02-21T15:05:48","slug":"cancer-et-la-covid-19-nouveau-coronavirus","status":"publish","type":"page","link":"https:\/\/cansupport.ca\/fr\/cancer-et-la-covid-19-nouveau-coronavirus\/","title":{"rendered":"Cancer et la COVID-19 (Nouveau Coronavirus)"},"content":{"rendered":"<h3>Ressources &#8211; CUSM<\/h3>\n<h3><strong>R\u00e9seau de canc\u00e9rologie Rossy<\/strong><\/h3>\n<ul>\n<li>\n<h4><strong><a href=\"https:\/\/precare.ca\/covid-onc\/\" target=\"_blank\" rel=\"noopener noreferrer\">COVID-19 et le cancer<\/a><\/strong><\/h4>\n<\/li>\n<\/ul>\n<p>&nbsp;<\/p>\n<h3>Ressources &#8211; Canada<\/h3>\n<h3><strong>Soci\u00e9t\u00e9 canadienne du cancer<\/strong><\/h3>\n<ul>\n<li>\n<h4><strong><a href=\"https:\/\/www.cancer.ca\/fr-ca\/support-and-services\/support-services\/cancer-and-covid19\/?region=qc\">Le cancer et la COVID19 (nouveau coronavirus)<\/a><\/strong><\/h4>\n<\/li>\n<li>\n<h4><strong><a href=\"https:\/\/www.cancer.ca\/fr-ca\/support-and-services\/support-services\/coping-with-cancer-during-the-covid19\/?region=qc\">Faire face au cancer et \u00e0 la COVID-19<\/a><\/strong><\/h4>\n<\/li>\n<\/ul>\n<p>&nbsp;<\/p>\n<h3><strong>Action cancer Ontario<\/strong><\/h3>\n<ul>\n<li>\n<h4><strong><a href=\"https:\/\/www.cancercareontario.ca\/fr\/traitements-cancer\/covid19-cancer\">La COVID-19 et le cancer<\/a><\/strong><\/h4>\n<\/li>\n<\/ul>\n<p>&nbsp;<\/p>\n<h3 style=\"text-align: center;\"><strong>Autres liens utiles li\u00e9s au sujet de la COVID-19 (Nouveau Coronavirus)<\/strong><\/h3>\n<p>&nbsp;<\/p>\n<h3><strong>Ressources &#8211; CUSM<\/strong><\/h3>\n<h3><strong>Centre universitaire de sant\u00e9 McGill<\/strong><\/h3>\n<ul>\n<li>\n<h4><strong><a href=\"https:\/\/cusm.ca\/coronavirus-covid-19\" target=\"_blank\" rel=\"noopener noreferrer\">Coronavirus (COVID-19)<\/a><\/strong><\/h4>\n<\/li>\n<\/ul>\n<p>&nbsp;<\/p>\n<h3><strong>Ressources &#8211; <\/strong><strong>Qu\u00e9bec<\/strong><\/h3>\n<h3><strong>Gouvernement du Qu\u00e9bec<\/strong><\/h3>\n<ul>\n<li>\n<h4><strong><a href=\"https:\/\/www.quebec.ca\/sante\/problemes-de-sante\/a-z\/coronavirus-2019\/\" target=\"_blank\" rel=\"noopener noreferrer\">La maladie \u00e0 coronavirus (COVID-19) au Qu\u00e9bec<\/a><\/strong><\/h4>\n<\/li>\n<li>\n<h4><strong><a href=\"https:\/\/www.quebec.ca\/sante\/problemes-de-sante\/a-z\/coronavirus-2019\/deuil-en-raison-de-la-pandemie-covid-19\/\">Deuil en raison de la pand\u00e9mie (COVID-19)<\/a><\/strong><\/h4>\n<\/li>\n<li>\n<h4><strong><a href=\"https:\/\/www.quebec.ca\/sante\/problemes-de-sante\/a-z\/coronavirus-2019\/aller-mieux-en-contexte-de-pandemie-covid-19\/\" target=\"_blank\" rel=\"noopener noreferrer\">Aller mieux en contexte de pand\u00e9mie (COVID-19)<\/a><\/strong><\/h4>\n<\/li>\n<li>\n<h4><strong><a href=\"https:\/\/www.quebec.ca\/sante\/problemes-de-sante\/a-z\/coronavirus-2019\/stress-anxiete-et-deprime-associes-a-la-maladie-a-coronavirus-covid-19\/\" target=\"_blank\" rel=\"noopener noreferrer\">Stress, anxi\u00e9t\u00e9 et d\u00e9prime associ\u00e9s \u00e0 la maladie \u00e0 coronavirus COVID-19<\/a><\/strong><\/h4>\n<\/li>\n<li>\n<h4><strong><a href=\"https:\/\/www.quebec.ca\/sante\/problemes-de-sante\/a-z\/coronavirus-2019\/aller-mieux-a-ma-facon-outil-numerique\/\">Aller mieux \u00e0 ma fa\u00e7on (outil num\u00e9rique)<\/a><\/strong><\/h4>\n<\/li>\n<\/ul>\n<p>&nbsp;<\/p>\n<h3>Ressources &#8211; Canada<\/h3>\n<h3><strong>Gouvernement du Canada<\/strong><\/h3>\n<ul>\n<li>\n<h4><strong><a href=\"https:\/\/www.canada.ca\/fr\/sante-publique\/services\/maladies\/maladie-coronavirus-covid-19.html\">Maladie \u00e0 coronavirus (COVID-19)<\/a><\/strong><\/h4>\n<\/li>\n<li>\n<h4><strong><a href=\"https:\/\/www.canada.ca\/fr\/sante-canada\/services\/aliments-nutrition\/saine-alimentation\/covid-19.html\">Saine alimentation pendant la pand\u00e9mie de COVID-19<\/a><\/strong><\/h4>\n<\/li>\n<\/ul>\n","protected":false},"excerpt":{"rendered":"<p>Ressources &#8211; CUSM R\u00e9seau de canc\u00e9rologie Rossy COVID-19 et le cancer &nbsp; Ressources &#8211; Canada Soci\u00e9t\u00e9 canadienne du cancer Le cancer et la COVID19 (nouveau coronavirus) Faire face au cancer [&hellip;]<\/p>\n","protected":false},"author":2,"featured_media":0,"parent":0,"menu_order":0,"comment_status":"closed","ping_status":"closed","template":"","meta":{"footnotes":""},"class_list":["post-5933","page","type-page","status-publish","hentry"],"_links":{"self":[{"href":"https:\/\/cansupport.ca\/fr\/wp-json\/wp\/v2\/pages\/5933","targetHints":{"allow":["GET"]}}],"collection":[{"href":"https:\/\/cansupport.ca\/fr\/wp-json\/wp\/v2\/pages"}],"about":[{"href":"https:\/\/cansupport.ca\/fr\/wp-json\/wp\/v2\/types\/page"}],"author":[{"embeddable":true,"href":"https:\/\/cansupport.ca\/fr\/wp-json\/wp\/v2\/users\/2"}],"replies":[{"embeddable":true,"href":"https:\/\/cansupport.ca\/fr\/wp-json\/wp\/v2\/comments?post=5933"}],"version-history":[{"count":1,"href":"https:\/\/cansupport.ca\/fr\/wp-json\/wp\/v2\/pages\/5933\/revisions"}],"predecessor-version":[{"id":5934,"href":"https:\/\/cansupport.ca\/fr\/wp-json\/wp\/v2\/pages\/5933\/revisions\/5934"}],"wp:attachment":[{"href":"https:\/\/cansupport.ca\/fr\/wp-json\/wp\/v2\/media?parent=5933"}],"curies":[{"name":"wp","href":"https:\/\/api.w.org\/{rel}","templated":true}]}}