{"id":2085,"date":"2026-09-02T11:43:28","date_gmt":"2026-09-02T15:43:28","guid":{"rendered":"https:\/\/cansupport.ca\/?post_type=event&#038;p=2085"},"modified":"2026-09-02T11:43:28","modified_gmt":"2026-09-02T15:43:28","slug":"atelier-dart-therapie-en-personne-4","status":"publish","type":"event","link":"https:\/\/cansupport.ca\/fr\/event\/atelier-dart-therapie-en-personne-4\/","title":{"rendered":"Atelier d&rsquo;art-th\u00e9rapie (en personne)"},"content":{"rendered":"\n<p class=\"wp-block-paragraph\"><strong>13h00 \u00e0 15h00<\/strong><\/p>\n\n<p class=\"wp-block-paragraph\">Un espace cr\u00e9atif et accueillant o\u00f9 les participants peuvent explorer leurs \u00e9motions, r\u00e9duire le stress et soutenir leur bien-\u00eatre \u00e9motionnel \u00e0 travers des activit\u00e9s artistiques guid\u00e9es. <strong>Aucune exp\u00e9rience en art n\u2019est requise<\/strong> &#8211; seulement l\u2019envie de s\u2019exprimer.<\/p>\n\n<p class=\"wp-block-paragraph\">Pour vous inscrire, veuillez contacter Malcolm Baird \u00e0 l&rsquo;adresse <a href=\"mailto:malcolm.baird@muhc.mcgill.ca\">malcolm.baird@muhc.mcgill.ca<\/a>.<\/p>\n\n<p class=\"wp-block-paragraph\"><\/p>\n","protected":false},"excerpt":{"rendered":"<p>13h00 \u00e0 15h00 Un espace cr\u00e9atif et accueillant o\u00f9 les participants peuvent explorer leurs \u00e9motions, r\u00e9duire le stress et soutenir leur bien-\u00eatre \u00e9motionnel \u00e0 travers des activit\u00e9s artistiques guid\u00e9es. Aucune exp\u00e9rience en art n\u2019est requise &#8211; seulement l\u2019envie de s\u2019exprimer. Pour vous inscrire, veuillez contacter Malcolm Baird \u00e0 l&rsquo;adresse malcolm.baird@muhc.mcgill.ca.<\/p>\n","protected":false},"featured_media":0,"template":"","meta":{"_acf_changed":false},"class_list":["post-2085","event","type-event","status-publish","hentry"],"acf":[],"_links":{"self":[{"href":"https:\/\/cansupport.ca\/fr\/wp-json\/wp\/v2\/event\/2085","targetHints":{"allow":["GET"]}}],"collection":[{"href":"https:\/\/cansupport.ca\/fr\/wp-json\/wp\/v2\/event"}],"about":[{"href":"https:\/\/cansupport.ca\/fr\/wp-json\/wp\/v2\/types\/event"}],"wp:attachment":[{"href":"https:\/\/cansupport.ca\/fr\/wp-json\/wp\/v2\/media?parent=2085"}],"curies":[{"name":"wp","href":"https:\/\/api.w.org\/{rel}","templated":true}]}}